{"id":6930,"date":"2021-05-04T10:35:03","date_gmt":"2021-05-04T08:35:03","guid":{"rendered":"http:\/\/wp.colordruck.net\/prestations\/conditionnements-climatiquement-neutres\/"},"modified":"2026-08-25T08:57:22","modified_gmt":"2026-08-25T06:57:22","slug":"emballages-durables","status":"publish","type":"page","link":"https:\/\/www.colordruck.net\/fr\/produits\/emballages-durables\/","title":{"rendered":"Emballages durables"},"content":{"rendered":"<p><div class=\"fusion-fullwidth fullwidth-box fusion-builder-row-1 fusion-flex-container nonhundred-percent-fullwidth non-hundred-percent-height-scrolling\" style=\"--awb-border-radius-top-left:0px;--awb-border-radius-top-right:0px;--awb-border-radius-bottom-right:0px;--awb-border-radius-bottom-left:0px;--awb-padding-top:60px;--awb-padding-bottom:60px;--awb-flex-wrap:wrap;\" ><div class=\"fusion-builder-row fusion-row fusion-flex-align-items-flex-start fusion-flex-content-wrap\" style=\"max-width:1248px;margin-left: calc(-4% \/ 2 );margin-right: calc(-4% \/ 2 );\"><div class=\"fusion-layout-column fusion_builder_column fusion-builder-column-0 fusion_builder_column_1_1 1_1 fusion-flex-column\" style=\"--awb-bg-size:cover;--awb-width-large:100%;--awb-margin-top-large:20px;--awb-spacing-right-large:1.92%;--awb-margin-bottom-large:20px;--awb-spacing-left-large:1.92%;--awb-width-medium:100%;--awb-order-medium:0;--awb-spacing-right-medium:1.92%;--awb-spacing-left-medium:1.92%;--awb-width-small:100%;--awb-order-small:0;--awb-spacing-right-small:1.92%;--awb-spacing-left-small:1.92%;\"><div class=\"fusion-column-wrapper fusion-column-has-shadow fusion-flex-justify-content-flex-start fusion-content-layout-column\"><div class=\"fusion-text fusion-text-1 awb-text-cols fusion-text-columns-2\" style=\"--awb-columns:2;--awb-column-spacing:50px;--awb-column-min-width:450px;\"><p style=\"text-align: justify;\">Il est incontestable que l\u2019absence d\u2019emballage constitue la solution la plus durable sur le plan environnemental. Cependant, de nombreux produits n\u00e9cessitent imp\u00e9rativement un emballage, que ce soit pour prot\u00e9ger les marchandises, assurer un transport \u00e9conomique ou prolonger la dur\u00e9e de conservation du produit. Un \u00e9tui pliant en carton compact constitue un excellent choix, car les fibres de papier peuvent \u00eatre recycl\u00e9es \u00e0 de nombreuses reprises.<\/p>\n<\/p>\n<p style=\"text-align: justify;\">Les \u00e9tuis pliants sont fabriqu\u00e9s \u00e0 partir de mati\u00e8res premi\u00e8res renouvelables et recyclables. C\u2019est pourquoi un emballage en carton compact constitue un choix particuli\u00e8rement judicieux. Le carton est non seulement renouvelable, mais \u00e9galement recyclable et biod\u00e9gradable.<\/p>\n<\/p>\n<p style=\"text-align: justify;\">En tant qu\u2019entreprise responsable qui compte depuis toujours la \u00ab durabilit\u00e9 \u00bb parmi ses valeurs, nous sommes le partenaire id\u00e9al pour des solutions d\u2019emballage durables. Nous nous ferons un plaisir de vous conseiller sur tous les aspects li\u00e9s aux \u00e9tuis pliants.<\/p>\n<\/div><div style=\"text-align:right;\"><a class=\"fusion-button button-flat fusion-button-default-size button-default fusion-button-default button-1 fusion-button-default-span fusion-button-default-type\" target=\"_self\" href=\"https:\/\/www.colordruck.net\/fr\/contact\/\"><span class=\"fusion-button-text awb-button__text awb-button__text--default\">Demander maintenant<\/span><\/a><\/div><\/div><\/div><\/div><\/div><div class=\"fusion-fullwidth fullwidth-box fusion-builder-row-2 fusion-flex-container nonhundred-percent-fullwidth non-hundred-percent-height-scrolling\" style=\"--awb-border-radius-top-left:0px;--awb-border-radius-top-right:0px;--awb-border-radius-bottom-right:0px;--awb-border-radius-bottom-left:0px;--awb-padding-top:60px;--awb-padding-bottom:60px;--awb-background-color:rgba(198,198,198,0.41);--awb-flex-wrap:wrap;\" ><div class=\"fusion-builder-row fusion-row fusion-flex-align-items-flex-start fusion-flex-content-wrap\" style=\"max-width:1248px;margin-left: calc(-4% \/ 2 );margin-right: calc(-4% \/ 2 );\"><div class=\"fusion-layout-column fusion_builder_column fusion-builder-column-1 fusion_builder_column_1_2 1_2 fusion-flex-column\" style=\"--awb-bg-size:cover;--awb-width-large:50%;--awb-margin-top-large:20px;--awb-spacing-right-large:3.84%;--awb-margin-bottom-large:20px;--awb-spacing-left-large:3.84%;--awb-width-medium:50%;--awb-order-medium:0;--awb-spacing-right-medium:3.84%;--awb-spacing-left-medium:3.84%;--awb-width-small:100%;--awb-order-small:0;--awb-spacing-right-small:1.92%;--awb-spacing-left-small:1.92%;\"><div class=\"fusion-column-wrapper fusion-column-has-shadow fusion-flex-justify-content-flex-start fusion-content-layout-column\"><div class=\"fusion-image-element\" style=\"--awb-caption-title-font-family:var(--h2_typography-font-family);--awb-caption-title-font-weight:var(--h2_typography-font-weight);--awb-caption-title-font-style:var(--h2_typography-font-style);--awb-caption-title-size:var(--h2_typography-font-size);--awb-caption-title-transform:var(--h2_typography-text-transform);--awb-caption-title-line-height:var(--h2_typography-line-height);--awb-caption-title-letter-spacing:var(--h2_typography-letter-spacing);\"><span class=\" fusion-imageframe imageframe-none imageframe-1 hover-type-none\"><img decoding=\"async\" width=\"1424\" height=\"1099\" title=\"Infografik_Kreislauf-Karton_white\" src=\"https:\/\/www.colordruck.net\/wp-content\/uploads\/2022\/02\/Infografik_Kreislauf-Karton_white.png\" alt class=\"img-responsive wp-image-9602\" srcset=\"https:\/\/www.colordruck.net\/wp-content\/uploads\/2022\/02\/Infografik_Kreislauf-Karton_white-200x154.png 200w, https:\/\/www.colordruck.net\/wp-content\/uploads\/2022\/02\/Infografik_Kreislauf-Karton_white-400x309.png 400w, https:\/\/www.colordruck.net\/wp-content\/uploads\/2022\/02\/Infografik_Kreislauf-Karton_white-600x463.png 600w, https:\/\/www.colordruck.net\/wp-content\/uploads\/2022\/02\/Infografik_Kreislauf-Karton_white-800x617.png 800w, https:\/\/www.colordruck.net\/wp-content\/uploads\/2022\/02\/Infografik_Kreislauf-Karton_white-1200x926.png 1200w, https:\/\/www.colordruck.net\/wp-content\/uploads\/2022\/02\/Infografik_Kreislauf-Karton_white.png 1424w\" sizes=\"(max-width: 770px) 100vw, 600px\" \/><\/span><\/div><\/div><\/div><div class=\"fusion-layout-column fusion_builder_column fusion-builder-column-2 fusion_builder_column_1_2 1_2 fusion-flex-column fusion-flex-align-self-center\" style=\"--awb-bg-size:cover;--awb-width-large:50%;--awb-margin-top-large:20px;--awb-spacing-right-large:3.84%;--awb-margin-bottom-large:20px;--awb-spacing-left-large:3.84%;--awb-width-medium:50%;--awb-order-medium:0;--awb-spacing-right-medium:3.84%;--awb-spacing-left-medium:3.84%;--awb-width-small:100%;--awb-order-small:0;--awb-spacing-right-small:1.92%;--awb-spacing-left-small:1.92%;\"><div class=\"fusion-column-wrapper fusion-column-has-shadow fusion-flex-justify-content-flex-start fusion-content-layout-column\"><div class=\"fusion-title title fusion-title-1 fusion-sep-none fusion-title-text fusion-title-size-two\" style=\"--awb-margin-top-small:10px;--awb-margin-right-small:0px;--awb-margin-bottom-small:10px;--awb-margin-left-small:0px;\"><h2 class=\"fusion-title-heading title-heading-left fusion-responsive-typography-calculated\" style=\"margin:0;--fontSize:40;line-height:1.2;\"><h2>Le carton est recyclable<span style=\"color: #4eaf46;\">.\u00a0<\/span><\/h2>\n<p><\/h2><\/div><div class=\"fusion-text fusion-text-2\"><p style=\"text-align: justify;\">Les \u00e9tuis pliants \u2013 y compris ceux dot\u00e9s d\u2019une fen\u00eatre en film plastique \u2013 sont depuis de nombreuses ann\u00e9es jet\u00e9s avec les vieux papiers et recycl\u00e9s dans le cadre du cycle de recyclage du papier. Ils servent ainsi de mati\u00e8re premi\u00e8re pour la fabrication de nouveaux produits en papier ou en carton.<\/p>\n<\/p>\n<p style=\"text-align: justify;\">L\u2019\u00e9conomie circulaire constitue une solution extr\u00eamement fiable, dans laquelle les produits recyclables jouent un r\u00f4le essentiel. Les mat\u00e9riaux utilis\u00e9s sont pris en compte d\u00e8s la phase de conception du produit et tout au long de son cycle de vie. Dans une d\u00e9marche d\u2019\u00e9conomie circulaire, le devenir des mati\u00e8res premi\u00e8res et des ressources apr\u00e8s la fin du cycle de vie du produit est ainsi d\u00e9fini avant m\u00eame le d\u00e9but de la production.<\/p>\n<\/div><\/div><\/div><\/div><\/div><div class=\"fusion-fullwidth fullwidth-box fusion-builder-row-3 fusion-flex-container nonhundred-percent-fullwidth non-hundred-percent-height-scrolling\" style=\"--awb-border-radius-top-left:0px;--awb-border-radius-top-right:0px;--awb-border-radius-bottom-right:0px;--awb-border-radius-bottom-left:0px;--awb-padding-top:60px;--awb-flex-wrap:wrap;\" ><div class=\"fusion-builder-row fusion-row fusion-flex-align-items-flex-start fusion-flex-content-wrap\" style=\"max-width:1248px;margin-left: calc(-4% \/ 2 );margin-right: calc(-4% \/ 2 );\"><div class=\"fusion-layout-column fusion_builder_column fusion-builder-column-3 fusion_builder_column_1_2 1_2 fusion-flex-column\" style=\"--awb-bg-size:cover;--awb-width-large:50%;--awb-margin-top-large:20px;--awb-spacing-right-large:3.84%;--awb-margin-bottom-large:20px;--awb-spacing-left-large:3.84%;--awb-width-medium:50%;--awb-order-medium:0;--awb-spacing-right-medium:3.84%;--awb-spacing-left-medium:3.84%;--awb-width-small:100%;--awb-order-small:0;--awb-spacing-right-small:1.92%;--awb-spacing-left-small:1.92%;\"><div class=\"fusion-column-wrapper fusion-column-has-shadow fusion-flex-justify-content-flex-start fusion-content-layout-column\"><div class=\"fusion-title title fusion-title-2 fusion-sep-none fusion-title-text fusion-title-size-two\" style=\"--awb-margin-top-small:10px;--awb-margin-right-small:0px;--awb-margin-bottom-small:10px;--awb-margin-left-small:0px;\"><h2 class=\"fusion-title-heading title-heading-left fusion-responsive-typography-calculated\" style=\"margin:0;--fontSize:40;line-height:1.2;\"><h2>Prot\u00e9ger les for\u00eats \u00e0 long terme<span style=\"color: #4eaf46;\">.<\/span><\/h2><\/h2><\/div><div class=\"fusion-text fusion-text-3 awb-text-cols fusion-text-columns-2\" style=\"--awb-columns:2;--awb-column-spacing:50px;--awb-column-min-width:450px;\"><p style=\"text-align: justify;\">Le carton utilis\u00e9 pour la fabrication des \u00e9tuis pliants est compos\u00e9 \u00e0 100 % de mati\u00e8res premi\u00e8res renouvelables et biosourc\u00e9es, telles que les fibres de bois et la cellulose (ou de vieux papiers recycl\u00e9s).<\/p>\n<\/p>\n<p style=\"text-align: justify;\">En Europe, ces mati\u00e8res premi\u00e8res proviennent exclusivement de for\u00eats g\u00e9r\u00e9es durablement et, pour la plupart, certifi\u00e9es (FSC, PEFC). Cela signifie notamment qu\u2019aucune for\u00eat tropicale humide n\u2019est d\u00e9truite pour la fabrication du carton. Les mati\u00e8res premi\u00e8res utilis\u00e9es proviennent, par exemple, de bois d\u2019\u00e9claircie, de sous-produits de scieries ou de bois de plantation. Par ailleurs, la superficie des for\u00eats exploit\u00e9es ne diminue pas chaque ann\u00e9e \u2013 elle augmente m\u00eame d\u2019une surface \u00e9quivalente \u00e0 1,5 million de terrains de football.<\/p>\n<\/div><\/div><\/div><div class=\"fusion-layout-column fusion_builder_column fusion-builder-column-4 fusion_builder_column_1_2 1_2 fusion-flex-column\" style=\"--awb-overflow:hidden;--awb-bg-size:cover;--awb-border-radius:8px 8px 8px 8px;--awb-width-large:50%;--awb-margin-top-large:20px;--awb-spacing-right-large:3.84%;--awb-margin-bottom-large:20px;--awb-spacing-left-large:3.84%;--awb-width-medium:50%;--awb-order-medium:0;--awb-spacing-right-medium:3.84%;--awb-spacing-left-medium:3.84%;--awb-width-small:100%;--awb-order-small:0;--awb-spacing-right-small:1.92%;--awb-spacing-left-small:1.92%;\"><div class=\"fusion-column-wrapper fusion-column-has-shadow fusion-flex-justify-content-flex-start fusion-content-layout-column\"><div class=\"fusion-image-element\" style=\"--awb-caption-title-font-family:var(--h2_typography-font-family);--awb-caption-title-font-weight:var(--h2_typography-font-weight);--awb-caption-title-font-style:var(--h2_typography-font-style);--awb-caption-title-size:var(--h2_typography-font-size);--awb-caption-title-transform:var(--h2_typography-text-transform);--awb-caption-title-line-height:var(--h2_typography-line-height);--awb-caption-title-letter-spacing:var(--h2_typography-letter-spacing);\"><span class=\" fusion-imageframe imageframe-none imageframe-2 hover-type-none\"><img decoding=\"async\" width=\"2560\" height=\"1707\" title=\"7 &#8211; 2025_mgfilms_Natur_baiersbronn5\" src=\"https:\/\/www.colordruck.net\/wp-content\/uploads\/2026\/05\/7-2025_mgfilms_Natur_baiersbronn5-scaled.jpg\" alt class=\"img-responsive wp-image-21621\" srcset=\"https:\/\/www.colordruck.net\/wp-content\/uploads\/2026\/05\/7-2025_mgfilms_Natur_baiersbronn5-200x133.jpg 200w, https:\/\/www.colordruck.net\/wp-content\/uploads\/2026\/05\/7-2025_mgfilms_Natur_baiersbronn5-400x267.jpg 400w, https:\/\/www.colordruck.net\/wp-content\/uploads\/2026\/05\/7-2025_mgfilms_Natur_baiersbronn5-600x400.jpg 600w, https:\/\/www.colordruck.net\/wp-content\/uploads\/2026\/05\/7-2025_mgfilms_Natur_baiersbronn5-800x533.jpg 800w, https:\/\/www.colordruck.net\/wp-content\/uploads\/2026\/05\/7-2025_mgfilms_Natur_baiersbronn5-1200x800.jpg 1200w, https:\/\/www.colordruck.net\/wp-content\/uploads\/2026\/05\/7-2025_mgfilms_Natur_baiersbronn5-scaled.jpg 2560w\" sizes=\"(max-width: 770px) 100vw, 600px\" \/><\/span><\/div><\/div><\/div><\/div><\/div><div class=\"fusion-fullwidth fullwidth-box fusion-builder-row-4 fusion-flex-container nonhundred-percent-fullwidth non-hundred-percent-height-scrolling\" style=\"--awb-border-radius-top-left:0px;--awb-border-radius-top-right:0px;--awb-border-radius-bottom-right:0px;--awb-border-radius-bottom-left:0px;--awb-flex-wrap:wrap;\" ><div class=\"fusion-builder-row fusion-row fusion-flex-align-items-flex-start fusion-flex-content-wrap\" style=\"max-width:1248px;margin-left: calc(-4% \/ 2 );margin-right: calc(-4% \/ 2 );\"><div class=\"fusion-layout-column fusion_builder_column fusion-builder-column-5 fusion_builder_column_1_1 1_1 fusion-flex-column\" style=\"--awb-bg-size:cover;--awb-width-large:100%;--awb-margin-top-large:20px;--awb-spacing-right-large:1.92%;--awb-margin-bottom-large:20px;--awb-spacing-left-large:1.92%;--awb-width-medium:100%;--awb-order-medium:0;--awb-spacing-right-medium:1.92%;--awb-spacing-left-medium:1.92%;--awb-width-small:100%;--awb-order-small:0;--awb-spacing-right-small:1.92%;--awb-spacing-left-small:1.92%;\"><div class=\"fusion-column-wrapper fusion-column-has-shadow fusion-flex-justify-content-flex-start fusion-content-layout-column\"><div class=\"fusion-title title fusion-title-3 fusion-sep-none fusion-title-text fusion-title-size-two\" style=\"--awb-margin-top-small:10px;--awb-margin-right-small:0px;--awb-margin-bottom-small:10px;--awb-margin-left-small:0px;\"><h2 class=\"fusion-title-heading title-heading-left fusion-responsive-typography-calculated\" style=\"margin:0;--fontSize:40;line-height:1.2;\"><h2>Trouver un \u00e9quilibre avec ClimatePartner<span style=\"color: #4eaf46;\">.<\/span><\/h2>\n<p><\/h2><\/div><div class=\"fusion-text fusion-text-4 awb-text-cols fusion-text-columns-2\" style=\"--awb-columns:2;--awb-column-spacing:50px;--awb-column-min-width:450px;\"><p>La probl\u00e9matique du changement climatique exige une vision entrepreneuriale \u00e0 long terme. Gr\u00e2ce \u00e0 des emballages dont les \u00e9missions de CO\u2082 sont compens\u00e9es, vous pouvez faire preuve d\u2019un engagement exemplaire tout en positionnant votre entreprise comme une organisation tourn\u00e9e vers l\u2019avenir.<\/p>\n<p style=\"text-align: justify;\"><span style=\"background-color: rgba(255, 255, 255, 0); color: var(--body_typography-color); font-family: var(--body_typography-font-family); font-size: var(--body_typography-font-size); font-style: var(--body_typography-font-style,normal); font-weight: var(--body_typography-font-weight); letter-spacing: var(--body_typography-letter-spacing);\">\u00ab Neutre en carbone \u00bb signifie que les \u00e9missions de gaz \u00e0 effet de serre li\u00e9es aux emballages sont calcul\u00e9es avec pr\u00e9cision et compens\u00e9es par l\u2019achat de cr\u00e9dits carbone. Gr\u00e2ce \u00e0 l\u2019utilisation du calculateur de CO\u2082 de ClimatePartner, contr\u00f4l\u00e9 par T\u00dcV Austria et reconnu \u00e0 l\u2019\u00e9chelle internationale, nous sommes en mesure de d\u00e9terminer les \u00e9missions de CO\u2082 r\u00e9siduelles li\u00e9es \u00e0 la production des emballages, aussi bien pour chaque commande que pour l\u2019ensemble de la cha\u00eene de processus. Le calcul est conforme aux exigences de la norme ISO 16759. <\/span>Pour les \u00e9tuis pliants dont les \u00e9missions sont ainsi compens\u00e9es, nous vous fournissons une attestation. Vous pouvez, par exemple, apposer sur l\u2019emballage des mentions telles que : \u00ab Emballage en carton compact certifi\u00e9 FSC \u00bb ou \u00ab Les \u00e9missions li\u00e9es \u00e0 la production sont \u00e9galement compens\u00e9es par des projets de protection du climat \u00bb.<\/p>\n<\/div><div class=\"fusion-builder-row fusion-builder-row-inner fusion-row fusion-flex-align-items-flex-start fusion-flex-content-wrap\" style=\"--awb-flex-grow:0;--awb-flex-grow-medium:0;--awb-flex-grow-small:0;--awb-flex-shrink:0;--awb-flex-shrink-medium:0;--awb-flex-shrink-small:0;width:104% !important;max-width:104% !important;margin-left: calc(-4% \/ 2 );margin-right: calc(-4% \/ 2 );\"><div class=\"fusion-layout-column fusion_builder_column_inner fusion-builder-nested-column-0 fusion_builder_column_inner_1_5 1_5 fusion-flex-column\" style=\"--awb-bg-size:cover;--awb-width-large:20%;--awb-margin-top-large:20px;--awb-spacing-right-large:9.6%;--awb-margin-bottom-large:20px;--awb-spacing-left-large:9.6%;--awb-width-medium:20%;--awb-order-medium:0;--awb-spacing-right-medium:9.6%;--awb-spacing-left-medium:9.6%;--awb-width-small:100%;--awb-order-small:0;--awb-spacing-right-small:1.92%;--awb-spacing-left-small:1.92%;\"><div class=\"fusion-column-wrapper fusion-column-has-shadow fusion-flex-justify-content-flex-start fusion-content-layout-column\"><\/div><\/div><div class=\"fusion-layout-column fusion_builder_column_inner fusion-builder-nested-column-1 fusion_builder_column_inner_1_5 1_5 fusion-flex-column\" style=\"--awb-bg-size:cover;--awb-width-large:20%;--awb-margin-top-large:20px;--awb-spacing-right-large:9.6%;--awb-margin-bottom-large:20px;--awb-spacing-left-large:9.6%;--awb-width-medium:20%;--awb-order-medium:0;--awb-spacing-right-medium:9.6%;--awb-spacing-left-medium:9.6%;--awb-width-small:100%;--awb-order-small:0;--awb-spacing-right-small:1.92%;--awb-spacing-left-small:1.92%;\"><div class=\"fusion-column-wrapper fusion-column-has-shadow fusion-flex-justify-content-flex-start fusion-content-layout-column\"><div class=\"fusion-image-element\" style=\"text-align:center;--awb-caption-title-font-family:var(--h2_typography-font-family);--awb-caption-title-font-weight:var(--h2_typography-font-weight);--awb-caption-title-font-style:var(--h2_typography-font-style);--awb-caption-title-size:var(--h2_typography-font-size);--awb-caption-title-transform:var(--h2_typography-text-transform);--awb-caption-title-line-height:var(--h2_typography-line-height);--awb-caption-title-letter-spacing:var(--h2_typography-letter-spacing);\"><span class=\" fusion-imageframe imageframe-none imageframe-3 hover-type-none\"><img decoding=\"async\" width=\"100\" height=\"100\" title=\"Taschenrechner\" src=\"https:\/\/www.colordruck.net\/wp-content\/uploads\/2021\/04\/Taschenrechner-e1618818802259.png\" alt class=\"img-responsive wp-image-6933\"\/><\/span><\/div><div class=\"fusion-text fusion-text-5\"><p style=\"text-align: center;\">Calcul des<br \/>\n\u00e9missions<\/p>\n<\/div><\/div><\/div><div class=\"fusion-layout-column fusion_builder_column_inner fusion-builder-nested-column-2 fusion_builder_column_inner_1_5 1_5 fusion-flex-column\" style=\"--awb-bg-size:cover;--awb-width-large:20%;--awb-margin-top-large:20px;--awb-spacing-right-large:9.6%;--awb-margin-bottom-large:20px;--awb-spacing-left-large:9.6%;--awb-width-medium:20%;--awb-order-medium:0;--awb-spacing-right-medium:9.6%;--awb-spacing-left-medium:9.6%;--awb-width-small:100%;--awb-order-small:0;--awb-spacing-right-small:1.92%;--awb-spacing-left-small:1.92%;\"><div class=\"fusion-column-wrapper fusion-column-has-shadow fusion-flex-justify-content-flex-start fusion-content-layout-column\"><div class=\"fusion-image-element\" style=\"text-align:center;--awb-caption-title-font-family:var(--h2_typography-font-family);--awb-caption-title-font-weight:var(--h2_typography-font-weight);--awb-caption-title-font-style:var(--h2_typography-font-style);--awb-caption-title-size:var(--h2_typography-font-size);--awb-caption-title-transform:var(--h2_typography-text-transform);--awb-caption-title-line-height:var(--h2_typography-line-height);--awb-caption-title-letter-spacing:var(--h2_typography-letter-spacing);\"><span class=\" fusion-imageframe imageframe-none imageframe-4 hover-type-none\"><img decoding=\"async\" width=\"100\" height=\"100\" title=\"Emissionen-reduzieren\" src=\"https:\/\/www.colordruck.net\/wp-content\/uploads\/2021\/04\/Emissionen-reduzieren-e1618818885571.png\" alt class=\"img-responsive wp-image-6936\"\/><\/span><\/div><div class=\"fusion-text fusion-text-6\"><p style=\"text-align: center;\">R\u00e9duire les \u00e9missions<br \/>\nde CO2<\/p>\n<\/div><\/div><\/div><div class=\"fusion-layout-column fusion_builder_column_inner fusion-builder-nested-column-3 fusion_builder_column_inner_1_5 1_5 fusion-flex-column\" style=\"--awb-bg-size:cover;--awb-width-large:20%;--awb-margin-top-large:20px;--awb-spacing-right-large:9.6%;--awb-margin-bottom-large:20px;--awb-spacing-left-large:9.6%;--awb-width-medium:20%;--awb-order-medium:0;--awb-spacing-right-medium:9.6%;--awb-spacing-left-medium:9.6%;--awb-width-small:100%;--awb-order-small:0;--awb-spacing-right-small:1.92%;--awb-spacing-left-small:1.92%;\"><div class=\"fusion-column-wrapper fusion-column-has-shadow fusion-flex-justify-content-flex-start fusion-content-layout-column\"><div class=\"fusion-image-element\" style=\"text-align:center;--awb-caption-title-font-family:var(--h2_typography-font-family);--awb-caption-title-font-weight:var(--h2_typography-font-weight);--awb-caption-title-font-style:var(--h2_typography-font-style);--awb-caption-title-size:var(--h2_typography-font-size);--awb-caption-title-transform:var(--h2_typography-text-transform);--awb-caption-title-line-height:var(--h2_typography-line-height);--awb-caption-title-letter-spacing:var(--h2_typography-letter-spacing);\"><span class=\" fusion-imageframe imageframe-none imageframe-5 hover-type-none\"><img decoding=\"async\" width=\"100\" height=\"100\" title=\"Ausgleich\" src=\"https:\/\/www.colordruck.net\/wp-content\/uploads\/2021\/04\/Ausgleich-e1618818907731.png\" alt class=\"img-responsive wp-image-6939\"\/><\/span><\/div><div class=\"fusion-text fusion-text-7\"><p style=\"text-align: center;\">Compenser les \u00e9missions in\u00e9vitables<\/p>\n<p>\n<\/div><\/div><\/div><div class=\"fusion-layout-column fusion_builder_column_inner fusion-builder-nested-column-4 fusion_builder_column_inner_1_5 1_5 fusion-flex-column\" style=\"--awb-bg-size:cover;--awb-width-large:20%;--awb-margin-top-large:20px;--awb-spacing-right-large:9.6%;--awb-margin-bottom-large:20px;--awb-spacing-left-large:9.6%;--awb-width-medium:20%;--awb-order-medium:0;--awb-spacing-right-medium:9.6%;--awb-spacing-left-medium:9.6%;--awb-width-small:100%;--awb-order-small:0;--awb-spacing-right-small:1.92%;--awb-spacing-left-small:1.92%;\"><div class=\"fusion-column-wrapper fusion-column-has-shadow fusion-flex-justify-content-flex-start fusion-content-layout-column\"><\/div><\/div><\/div><div style=\"text-align:right;\"><a class=\"fusion-button button-flat fusion-button-default-size button-default fusion-button-default button-2 fusion-button-default-span fusion-button-default-type\" target=\"_self\" href=\"https:\/\/www.colordruck.net\/fr\/contact\/\"><span class=\"fusion-button-text awb-button__text awb-button__text--default\">Vers le formulaire de contact<\/span><\/a><\/div><\/div><\/div><\/div><\/div><\/p>\n","protected":false},"excerpt":{"rendered":"","protected":false},"author":3,"featured_media":21615,"parent":10734,"menu_order":3,"comment_status":"closed","ping_status":"closed","template":"100-width.php","meta":{"footnotes":""},"class_list":["post-6930","page","type-page","status-publish","has-post-thumbnail","hentry"],"_links":{"self":[{"href":"https:\/\/www.colordruck.net\/fr\/wp-json\/wp\/v2\/pages\/6930","targetHints":{"allow":["GET"]}}],"collection":[{"href":"https:\/\/www.colordruck.net\/fr\/wp-json\/wp\/v2\/pages"}],"about":[{"href":"https:\/\/www.colordruck.net\/fr\/wp-json\/wp\/v2\/types\/page"}],"author":[{"embeddable":true,"href":"https:\/\/www.colordruck.net\/fr\/wp-json\/wp\/v2\/users\/3"}],"replies":[{"embeddable":true,"href":"https:\/\/www.colordruck.net\/fr\/wp-json\/wp\/v2\/comments?post=6930"}],"version-history":[{"count":52,"href":"https:\/\/www.colordruck.net\/fr\/wp-json\/wp\/v2\/pages\/6930\/revisions"}],"predecessor-version":[{"id":22978,"href":"https:\/\/www.colordruck.net\/fr\/wp-json\/wp\/v2\/pages\/6930\/revisions\/22978"}],"up":[{"embeddable":true,"href":"https:\/\/www.colordruck.net\/fr\/wp-json\/wp\/v2\/pages\/10734"}],"wp:featuredmedia":[{"embeddable":true,"href":"https:\/\/www.colordruck.net\/fr\/wp-json\/wp\/v2\/media\/21615"}],"wp:attachment":[{"href":"https:\/\/www.colordruck.net\/fr\/wp-json\/wp\/v2\/media?parent=6930"}],"curies":[{"name":"wp","href":"https:\/\/api.w.org\/{rel}","templated":true}]}}